{"id":18960,"date":"2023-01-24T14:03:03","date_gmt":"2023-01-24T12:03:03","guid":{"rendered":"https:\/\/flash2flash.f2fbeta.com\/?page_id=18960"},"modified":"2024-02-06T15:55:10","modified_gmt":"2024-02-06T13:55:10","slug":"legal-notice","status":"publish","type":"page","link":"https:\/\/www.flashcreativity.com\/en\/legal-notice\/","title":{"rendered":"Privacy policy"},"content":{"rendered":"<div class=\"wpb-content-wrapper\"><p>[vc_row css_animation=&#8221;&#8221; row_type=&#8221;row&#8221; use_row_as_full_screen_section=&#8221;no&#8221; type=&#8221;grid&#8221; angled_section=&#8221;no&#8221; text_align=&#8221;left&#8221; background_image_as_pattern=&#8221;without_pattern&#8221; z_index=&#8221;&#8221;][vc_column][vc_empty_space height=&#8221;50px&#8221;][\/vc_column][vc_column][vc_column_text]<\/p>\n<h1>Pol\u00edtica de Privacidad<\/h1>\n<p>&nbsp;<\/p>\n<p>La presente Pol\u00edtica de Privacidad es aplicable al tratamiento de datos personales por parte de <strong>F2F DIGITAL SL<\/strong> (en adelante la \u201cEmpresa\u201d) dentro de sus webs, app y cualquier otro medio electr\u00f3nico o plataforma digital en las que la empresa trate datos personales.<\/p>\n<p>&nbsp;<\/p>\n<p><strong>1.- Responsable del tratamiento de los datos:<\/strong><\/p>\n<p>&nbsp;<\/p>\n<p><strong>F2F DIGITAL SL con CIF B86328093 direcci\u00f3n Calle Espejo 6 Local Comercial. 28013 Madrid y correo electr\u00f3nico dpo@flashcreativity.com<\/strong> es el responsable del tratamiento de los datos facilitados, informamos que estos datos ser\u00e1n tratados de conformidad con lo dispuesto en el Reglamento (UE) 2016\/679 del Parlamento Europeo y del Consejo, de 27 de abril de 2016 relativo a la protecci\u00f3n de las personas f\u00edsicas en lo que respecta al tratamiento de datos personales y a la libre circulaci\u00f3n de estos datos y la Ley Org\u00e1nica 3\/2018, de 5 de diciembre, de Protecci\u00f3n de Datos Personales y Garant\u00edas de los Derechos Digitales.<\/p>\n<p>&nbsp;<\/p>\n<p><strong>2.- Legitimaci\u00f3n del tratamiento de los datos:<\/strong><\/p>\n<p>&nbsp;<\/p>\n<p>La legitimaci\u00f3n para el tratamiento de sus datos es el consentimiento obtenido del usuario. Los usuarios mediante la marcaci\u00f3n de la casilla correspondiente, aceptan expresamente y de forma libre e inequ\u00edvoca, que sus datos son necesarios para atender su petici\u00f3n por parte del prestador. El usuario garantiza que los datos personales facilitados son veraces y se hace responsable de comunicar cualquier modificaci\u00f3n de los mismos.<br \/>\nTodos los datos solicitados a trav\u00e9s del servicio web son obligatorios, ya que son necesarios para la prestaci\u00f3n del servicio, en caso de que no se faciliten todos los datos, no se garantiza que la informaci\u00f3n y el servicio que el prestador le facilite, sean ajustados completamente a sus necesidades.<br \/>\nLa base jur\u00eddica para el tratamiento de los datos en el Reglamento Europeo 2016\/679 del Parlamento Europeo y del Consejo;<\/p>\n<p>.- Obtenci\u00f3n de los datos a trav\u00e9s de los formularios de contacto de la web; Art 6.1 a) el interesado<br \/>\ndio su consentimiento para el tratamiento de sus datos personales para uno o varios fines<br \/>\nespec\u00edficos;<\/p>\n<p>.- Recepci\u00f3n de comunicaciones comerciales por haber marcado la casilla para tal efecto o<br \/>\nsuscribi\u00e9ndose al bolet\u00edn de noticias; Art 6.1 a) el interesado dio su consentimiento para el<br \/>\ntratamiento de sus datos personales para uno o varios fines espec\u00edficos;<\/p>\n<p>.- Realizaci\u00f3n de un contrato entre el cliente y el Responsable del tratamiento para la venta de<br \/>\nproductos o prestaci\u00f3n de un servicio; Art 6.1 b) el tratamiento es necesario para la ejecuci\u00f3n de un<br \/>\ncontrato en el que el interesado es parte o para la aplicaci\u00f3n a petici\u00f3n de este de medidas<br \/>\nprecontractuales;<\/p>\n<p>.- Facturaci\u00f3n de los productos vendidos o del servicio prestado al cliente; Art 6.1 c) el tratamiento es<br \/>\nnecesario para el cumplimiento de una obligaci\u00f3n legal aplicable al responsable del tratamiento.<\/p>\n<p>&nbsp;<\/p>\n<p><strong>3.- Finalidad del Tratamiento:<\/strong><\/p>\n<p>&nbsp;<\/p>\n<p>La finalidad es mantener una relaci\u00f3n comercial con el usuario de las webs, app y cualquier otro medio electr\u00f3nico o plataforma digital de la empresa. Para realizar el tratamiento las operaciones previstas son:<\/p>\n<p>.- Tramitar encargos, solicitudes o cualquier tipo de petici\u00f3n que sea realizada por el usuario a trav\u00e9s de cualquiera de las formas de contacto que se ponen a su disposici\u00f3n.<\/p>\n<p>.- Envi\u00f3 de comunicaciones comerciales publicitarias relacionadas con nuestros productos y servicios por cualquier medio electr\u00f3nico o f\u00edsico, presente o futuro, que posibilite realizar comunicaciones comerciales cuando el usuario haya dado su consentimiento para ello.<\/p>\n<p>.- En el caso de aportarnos tus datos curriculares o enviarnos tu curr\u00edculum, utilizaremos tus datos para la gesti\u00f3n del contacto y de los procesos de selecci\u00f3n que llevemos a cabo.<\/p>\n<p>&nbsp;<\/p>\n<p><strong>4.- Conservaci\u00f3n de los datos:<\/strong><\/p>\n<p>&nbsp;<\/p>\n<p>Se conservaran mientras exista un inter\u00e9s mutuo de mantener el fin del tratamiento. Cuando ya no sean necesarios para tal fin se suprimir\u00e1n con medidas de seguridad adecuadas para garantizar la total destrucci\u00f3n de los mismos. Los datos personales proporcionados por el interesado se mantendr\u00e1n aun solicitada su supresi\u00f3n por parte del mismo, limitando su tratamiento, \u00fanicamente para el cumplimiento de obligaciones legales y\/o el ejercicio o la defensa de reclamaciones.<\/p>\n<p>&nbsp;<\/p>\n<p><strong>5.- Cu\u00e1les son tus derechos cuando nos facilitas tus datos:<\/strong><\/p>\n<p>&nbsp;<\/p>\n<p>Al usuario le asisten los derechos de:<br \/>\n.- Derecho de Acceso, articulo 15 del RGPD.<br \/>\n.- Derecho de Rectificaci\u00f3n, articulo 16 RGPD<br \/>\n.- Derecho de Supresi\u00f3n (Derecho al Olvido), articulo 17 RGPD.<br \/>\n.- Derecho a la Limitaci\u00f3n del Tratamiento, articulo 18 RGPD.<br \/>\n.- Derecho a la Portabilidad de los datos, articulo 20 RGPD<br \/>\n.- Derecho de Oposici\u00f3n, articulo 21 RGPD.<br \/>\nEstos derechos son:<br \/>\n.- Saber si tratamos tus datos o no.<br \/>\n.- Acceder a los datos personales tuyos que disponemos.<br \/>\n.- A rectificar tus datos que no sean correctos.<br \/>\n.- Solicitar la supresi\u00f3n de tus datos o retirarnos el consentimiento otorgado.<br \/>\n.- A solicitar la limitaci\u00f3n del tratamiento de tus datos, en cuyo caso solo se conservaran de acuerdo<br \/>\ncon la normativa vigente.<br \/>\n.- Portabilidad de tus datos, te ser\u00e1n facilitados en un formato estructurado, de uso com\u00fan. Tambi\u00e9n<br \/>\npodemos enviarlos al nuevo responsable que nos indiques. Solo es v\u00e1lido en determinados supuestos.<\/p>\n<p>Igualmente le asiste el derecho a presentar una reclamaci\u00f3n ante la autoridad de control, <a href=\"https:\/\/www.aepd.es\" target=\"_blank\" rel=\"noopener\">www.aepd.es<\/a> , si considera que el tratamiento no se ajusta a la normativa vigente.<br \/>\nPara ejercer su derecho el usuario debe enviar fotocopia del D.N.I. o pasaporte a:<br \/>\n<strong>F2F DIGITAL SL con CIF B86328093 direcci\u00f3n Calle Espejo 6 Local Comercial. 28013 Madrid y correo electr\u00f3nico dpo@flashcreativity.com<\/strong><\/p>\n<p>&nbsp;<\/p>\n<p><strong>6.- A que destinatarios se comunicaran sus datos:<\/strong><\/p>\n<p>&nbsp;<\/p>\n<p>La Empresa informa y garantiza expresamente a los usuarios que sus datos personales no ser\u00e1n cedidos en ning\u00fan caso a terceros salvo en los casos en que exista una obligaci\u00f3n legal o si fuera necesario para el desarrollo y ejecuci\u00f3n de las finalidades del Tratamiento.<br \/>\nLos datos que se suministren a nuestros proveedores de servicios (Gestor\u00eda, etc.) se realizan bajo la firma del contrato de Encargado del Tratamiento exigido por la normativa vigente en materia de Protecci\u00f3n de Datos.<br \/>\nSi se realizara alg\u00fan tipo de cesi\u00f3n de datos personales, se pedir\u00e1 previamente el consentimiento expreso, informado e inequ\u00edvoco por parte de los usuarios.<\/p>\n<p>&nbsp;<\/p>\n<p><strong>7.- Menores de Edad:<\/strong><\/p>\n<p>&nbsp;<\/p>\n<p>Si eres una persona usuaria menor de edad has de contar con el previo consentimiento de tus padres o tutores, antes de proceder a la inclusi\u00f3n de tus datos personales en nuestra web. La \u201cEmpresa\u201d se exime de cualquier responsabilidad por el incumplimiento de este requisito.<\/p>\n<p>&nbsp;<\/p>\n<p><strong>8.- Medidas de Seguridad:<\/strong><\/p>\n<p>&nbsp;<\/p>\n<p>De conformidad con lo dispuesto en las normativas vigentes en materia de protecci\u00f3n de datos personales, el prestador est\u00e1 cumpliendo con todas las disposiciones de las normativas para el tratamiento de datos personales y los principios descritos en el art\u00edculo 5 del RGPD.<\/p>\n<p>Se garantiza que se han implementado pol\u00edticas t\u00e9cnicas y organizativas apropiadas para aplicar las medidas de seguridad que establece el RGPD y la LOPDGDD con el fin de proteger los derechos y libertades de los usuarios y les ha comunicado la informaci\u00f3n adecuada para que puedan ejercerlos.<\/p>\n<p>&nbsp;<\/p>\n<p><strong>9.- Transferencias Internacionales de Datos:<\/strong><\/p>\n<p>&nbsp;<\/p>\n<p>Los datos que recopilamos se almacenan dentro del Espacio Econ\u00f3mico Europeo. En el caso que se puedan transferir y tratar en un pa\u00eds fuera del Espacio Econ\u00f3mico Europeo se garantizan un nivel adecuado de protecci\u00f3n de los datos personales.[\/vc_column_text][\/vc_column][\/vc_row][vc_row css_animation=&#8221;&#8221; row_type=&#8221;row&#8221; use_row_as_full_screen_section=&#8221;no&#8221; type=&#8221;full_width&#8221; angled_section=&#8221;no&#8221; text_align=&#8221;left&#8221; background_image_as_pattern=&#8221;without_pattern&#8221;][vc_column][vc_empty_space height=&#8221;50px&#8221;][\/vc_column][\/vc_row]<\/p>\n<\/div>","protected":false},"excerpt":{"rendered":"<p>[vc_row css_animation=&#8221;&#8221; row_type=&#8221;row&#8221; use_row_as_full_screen_section=&#8221;no&#8221; type=&#8221;grid&#8221; angled_section=&#8221;no&#8221; text_align=&#8221;left&#8221; background_image_as_pattern=&#8221;without_pattern&#8221; z_index=&#8221;&#8221;][vc_column][vc_empty_space height=&#8221;50px&#8221;][\/vc_column][vc_column][vc_column_text] Pol\u00edtica de Privacidad &nbsp; La presente Pol\u00edtica de Privacidad es aplicable al tratamiento de datos personales por parte de F2F DIGITAL SL (en adelante la \u201cEmpresa\u201d) dentro de sus webs, app y cualquier otro medio&#8230;<\/p>\n","protected":false},"author":3,"featured_media":0,"parent":0,"menu_order":0,"comment_status":"closed","ping_status":"closed","template":"","meta":{"_acf_changed":false,"pgc_sgb_lightbox_settings":"","footnotes":""},"class_list":["post-18960","page","type-page","status-publish","hentry"],"acf":[],"_links":{"self":[{"href":"https:\/\/www.flashcreativity.com\/en\/wp-json\/wp\/v2\/pages\/18960","targetHints":{"allow":["GET"]}}],"collection":[{"href":"https:\/\/www.flashcreativity.com\/en\/wp-json\/wp\/v2\/pages"}],"about":[{"href":"https:\/\/www.flashcreativity.com\/en\/wp-json\/wp\/v2\/types\/page"}],"author":[{"embeddable":true,"href":"https:\/\/www.flashcreativity.com\/en\/wp-json\/wp\/v2\/users\/3"}],"replies":[{"embeddable":true,"href":"https:\/\/www.flashcreativity.com\/en\/wp-json\/wp\/v2\/comments?post=18960"}],"version-history":[{"count":8,"href":"https:\/\/www.flashcreativity.com\/en\/wp-json\/wp\/v2\/pages\/18960\/revisions"}],"predecessor-version":[{"id":22699,"href":"https:\/\/www.flashcreativity.com\/en\/wp-json\/wp\/v2\/pages\/18960\/revisions\/22699"}],"wp:attachment":[{"href":"https:\/\/www.flashcreativity.com\/en\/wp-json\/wp\/v2\/media?parent=18960"}],"curies":[{"name":"wp","href":"https:\/\/api.w.org\/{rel}","templated":true}]}}